{"id":79,"date":"2021-10-31T12:01:51","date_gmt":"2021-10-31T11:01:51","guid":{"rendered":"https:\/\/zuugs.hfh.ch\/mfbsehen\/?post_type=part&#038;p=79"},"modified":"2022-10-25T07:16:15","modified_gmt":"2022-10-25T05:16:15","slug":"ansprechpartner-im-forderschwerpunkt-sehen","status":"publish","type":"part","link":"https:\/\/zuugs.hfh.ch\/mfbsehen\/part\/ansprechpartner-im-forderschwerpunkt-sehen\/","title":{"raw":"Kontaktstellen im F\u00f6rderschwerpunkt Sehen","rendered":"Kontaktstellen im F\u00f6rderschwerpunkt Sehen"},"content":{"raw":"Die nachfolgenden Schul- und Beratungsdienste k\u00f6nnen Sie bei Verdacht auf eine Sehbeeintr\u00e4chtigung oder in Bezug auf eine visiop\u00e4dagogische Fachberatung kontaktieren. Die Adressen und Ansprechpartner werden auch unter der Karte aufgef\u00fchrt.\r\n\r\nDazu sollten Sie wissen, dass im F\u00f6rderschwerpunkt Sehen h\u00e4ufig \"<em>interkantonal<\/em>\" gearbeitet wird. D.h., viele Kantone haben aufgrund der niedrigen Pr\u00e4valenz von Sehbeeintr\u00e4chtigungen Kooperationsvert\u00e4ge mit anderen Kantonen geschlossen, um eine visiop\u00e4dagogische Versorgung zu gew\u00e4hrleisten.\r\n\r\n[h5p id=\"6\"]\r\n<div><\/div>\r\n<div>Folgende Schul- und Beratungsangebote gibt im F\u00f6rderschwerpunkt Sehen in der Schweiz (kein Gew\u00e4hr auf Vollst\u00e4ndigkeit):<\/div>\r\n<ul>\r\n \t<li><strong>Therapie Schulzentrum M\u00fcnchenstein (BS)<\/strong>\r\nBaselstrasse 43,\r\nCH-4142 M\u00fcnchenstein<\/li>\r\n \t<li><strong>Heilp\u00e4dagogisches Schul- und Beratungszentrum Sehen Sonnenberg (ZG)<\/strong>\r\nLandhausstrasse 20,\r\nCH-6340 Baar<\/li>\r\n \t<li><strong>Blindenschule Zollikhofen (BE)<\/strong>\r\nKirch\u00adlind\u00adach\u00adstras\u00adse 49\r\n3052 Zol\u00adlik\u00adofen<\/li>\r\n \t<li><strong>Schule f\u00fcr Sehbehinderte Z\u00fcrich (ZH)<\/strong>\r\n<div>Eugen-Huber-Strasse 6\r\n<span style=\"text-align: initial;font-size: 1em\">8048 Z\u00fcrich<\/span><\/div><\/li>\r\n \t<li>\r\n<div><span style=\"text-align: initial;font-size: 1em\"><span style=\"font-size: 1em\"><strong>Stiftung Visoparents, Tagesschule (ZH)<\/strong>\r\n<\/span><\/span>Regensbergstrasse 121\r\n8050 Z\u00fcrich<\/div><\/li>\r\n \t<li><strong>Tanne, Schweizerische Stiftung f\u00fcr Taubblinde (ZH)<\/strong>\r\nAlte Dorfstrasse 3d\r\n8135 Langnau am Albis<\/li>\r\n \t<li><strong>Centre p\u00e9dagogique pour handicap\u00e9s de la vue Lausanne \u00a0(CPHV) (VD)<\/strong>\r\nAvenue de France 30\r\n1004 Lausanne<\/li>\r\n \t<li><strong>Visiop\u00e4dagogischer Dienst Luzern (LU)<\/strong>\r\n<div>Maihofstrasse 95c<\/div>\r\n<div>6006 Luzern<\/div><\/li>\r\n \t<li><strong>Visiop\u00e4dagogischer Dienst Landenhofs (AG)<\/strong>\r\nLandenhofweg 25\r\n5035 Unterentfelden<\/li>\r\n \t<li><strong>Stiftung Heilp\u00e4dagogischer Dienst Graub\u00fcnden (GR)<\/strong>\r\nAquasanastrasse 12\r\n7000 Chur<\/li>\r\n \t<li><strong>Heilp\u00e4dagogische Fr\u00fcherziehung Thurgau (TG)<\/strong>\r\nThundorferstrasse 3\r\n8500 Frauenfeld<\/li>\r\n \t<li><strong>Das Zentrum f\u00fcr Kinder mit Sinnes- und K\u00f6rperbeeintr\u00e4chtigung ZKSK (SO)<\/strong>\r\nTherapiezentrum Oensingen\r\nSolothurnstrasse 42\r\n4702 Oensingen<\/li>\r\n \t<li><strong>Unitas<\/strong> (TI)\r\nvia San Gottardo 49\r\nCH-6598 Tenero<\/li>\r\n \t<li><strong>InUBS (TG\/AR)<\/strong>\r\nIntegrative Unterst\u00fctzung Blinder &amp; Sehbehinderter\r\nBahnhofstrasse 10\r\n9100 Herisau\r\nSchweiz<\/li>\r\n<\/ul>","rendered":"<p>Die nachfolgenden Schul- und Beratungsdienste k\u00f6nnen Sie bei Verdacht auf eine Sehbeeintr\u00e4chtigung oder in Bezug auf eine visiop\u00e4dagogische Fachberatung kontaktieren. Die Adressen und Ansprechpartner werden auch unter der Karte aufgef\u00fchrt.<\/p>\n<p>Dazu sollten Sie wissen, dass im F\u00f6rderschwerpunkt Sehen h\u00e4ufig &#8222;<em>interkantonal<\/em>&#8220; gearbeitet wird. D.h., viele Kantone haben aufgrund der niedrigen Pr\u00e4valenz von Sehbeeintr\u00e4chtigungen Kooperationsvert\u00e4ge mit anderen Kantonen geschlossen, um eine visiop\u00e4dagogische Versorgung zu gew\u00e4hrleisten.<\/p>\n<div id=\"h5p-6\">\n<div class=\"h5p-content\" data-content-id=\"6\"><\/div>\n<\/div>\n<div><\/div>\n<div>Folgende Schul- und Beratungsangebote gibt im F\u00f6rderschwerpunkt Sehen in der Schweiz (kein Gew\u00e4hr auf Vollst\u00e4ndigkeit):<\/div>\n<ul>\n<li><strong>Therapie Schulzentrum M\u00fcnchenstein (BS)<\/strong><br \/>\nBaselstrasse 43,<br \/>\nCH-4142 M\u00fcnchenstein<\/li>\n<li><strong>Heilp\u00e4dagogisches Schul- und Beratungszentrum Sehen Sonnenberg (ZG)<\/strong><br \/>\nLandhausstrasse 20,<br \/>\nCH-6340 Baar<\/li>\n<li><strong>Blindenschule Zollikhofen (BE)<\/strong><br \/>\nKirch\u00adlind\u00adach\u00adstras\u00adse 49<br \/>\n3052 Zol\u00adlik\u00adofen<\/li>\n<li><strong>Schule f\u00fcr Sehbehinderte Z\u00fcrich (ZH)<\/strong>\n<div>Eugen-Huber-Strasse 6<br \/>\n<span style=\"text-align: initial;font-size: 1em\">8048 Z\u00fcrich<\/span><\/div>\n<\/li>\n<li>\n<div><span style=\"text-align: initial;font-size: 1em\"><span style=\"font-size: 1em\"><strong>Stiftung Visoparents, Tagesschule (ZH)<\/strong><br \/>\n<\/span><\/span>Regensbergstrasse 121<br \/>\n8050 Z\u00fcrich<\/div>\n<\/li>\n<li><strong>Tanne, Schweizerische Stiftung f\u00fcr Taubblinde (ZH)<\/strong><br \/>\nAlte Dorfstrasse 3d<br \/>\n8135 Langnau am Albis<\/li>\n<li><strong>Centre p\u00e9dagogique pour handicap\u00e9s de la vue Lausanne \u00a0(CPHV) (VD)<\/strong><br \/>\nAvenue de France 30<br \/>\n1004 Lausanne<\/li>\n<li><strong>Visiop\u00e4dagogischer Dienst Luzern (LU)<\/strong>\n<div>Maihofstrasse 95c<\/div>\n<div>6006 Luzern<\/div>\n<\/li>\n<li><strong>Visiop\u00e4dagogischer Dienst Landenhofs (AG)<\/strong><br \/>\nLandenhofweg 25<br \/>\n5035 Unterentfelden<\/li>\n<li><strong>Stiftung Heilp\u00e4dagogischer Dienst Graub\u00fcnden (GR)<\/strong><br \/>\nAquasanastrasse 12<br \/>\n7000 Chur<\/li>\n<li><strong>Heilp\u00e4dagogische Fr\u00fcherziehung Thurgau (TG)<\/strong><br \/>\nThundorferstrasse 3<br \/>\n8500 Frauenfeld<\/li>\n<li><strong>Das Zentrum f\u00fcr Kinder mit Sinnes- und K\u00f6rperbeeintr\u00e4chtigung ZKSK (SO)<\/strong><br \/>\nTherapiezentrum Oensingen<br \/>\nSolothurnstrasse 42<br \/>\n4702 Oensingen<\/li>\n<li><strong>Unitas<\/strong> (TI)<br \/>\nvia San Gottardo 49<br \/>\nCH-6598 Tenero<\/li>\n<li><strong>InUBS (TG\/AR)<\/strong><br \/>\nIntegrative Unterst\u00fctzung Blinder &amp; Sehbehinderter<br \/>\nBahnhofstrasse 10<br \/>\n9100 Herisau<br \/>\nSchweiz<\/li>\n<\/ul>\n","protected":false},"excerpt":{"rendered":"<p>Die nachfolgenden Schul- und Beratungsdienste k\u00f6nnen Sie bei Verdacht auf eine Sehbeeintr\u00e4chtigung oder in Bezug auf eine visiop\u00e4dagogische Fachberatung kontaktieren. Die Adressen und Ansprechpartner werden auch unter der Karte aufgef\u00fchrt. Dazu sollten Sie wissen, dass im F\u00f6rderschwerpunkt Sehen h\u00e4ufig &#8222;interkantonal&#8220; gearbeitet wird. D.h., viele Kantone haben aufgrund der niedrigen Pr\u00e4valenz von Sehbeeintr\u00e4chtigungen Kooperationsvert\u00e4ge mit anderen [&hellip;]<\/p>\n","protected":false},"parent":0,"menu_order":4,"template":"","meta":{"pb_part_invisible":false,"pb_part_invisible_string":""},"contributor":[],"license":[],"class_list":["post-79","part","type-part","status-publish","hentry"],"_links":{"self":[{"href":"https:\/\/zuugs.hfh.ch\/mfbsehen\/wp-json\/pressbooks\/v2\/parts\/79","targetHints":{"allow":["GET"]}}],"collection":[{"href":"https:\/\/zuugs.hfh.ch\/mfbsehen\/wp-json\/pressbooks\/v2\/parts"}],"about":[{"href":"https:\/\/zuugs.hfh.ch\/mfbsehen\/wp-json\/wp\/v2\/types\/part"}],"version-history":[{"count":11,"href":"https:\/\/zuugs.hfh.ch\/mfbsehen\/wp-json\/pressbooks\/v2\/parts\/79\/revisions"}],"predecessor-version":[{"id":201,"href":"https:\/\/zuugs.hfh.ch\/mfbsehen\/wp-json\/pressbooks\/v2\/parts\/79\/revisions\/201"}],"wp:attachment":[{"href":"https:\/\/zuugs.hfh.ch\/mfbsehen\/wp-json\/wp\/v2\/media?parent=79"}],"wp:term":[{"taxonomy":"contributor","embeddable":true,"href":"https:\/\/zuugs.hfh.ch\/mfbsehen\/wp-json\/wp\/v2\/contributor?post=79"},{"taxonomy":"license","embeddable":true,"href":"https:\/\/zuugs.hfh.ch\/mfbsehen\/wp-json\/wp\/v2\/license?post=79"}],"curies":[{"name":"wp","href":"https:\/\/api.w.org\/{rel}","templated":true}]}}